{"id":16828,"date":"2021-10-18T10:38:55","date_gmt":"2021-10-18T08:38:55","guid":{"rendered":"http:\/\/www.sp1nowysacz.pl\/?page_id=16828"},"modified":"2025-03-20T14:16:22","modified_gmt":"2025-03-20T13:16:22","slug":"deklaracja-dostepnosci-strona-internetowa-szkoly","status":"publish","type":"page","link":"https:\/\/www.sp1nowysacz.pl\/index.php\/deklaracja-dostepnosci-strona-internetowa-szkoly\/","title":{"rendered":"Deklaracja dost\u0119pno\u015bci"},"content":{"rendered":"<div class=\"swm-main-container swm-site-content swm-css-transition\">\n<div class=\"swm-container swm-layout-full-width swm-post-sidebar-page\">\n<div class=\"swm-column swm-custom-two-third\">\n<div class=\"swm_page_container page_style_box\">\n<div class=\"swm_page_content\">\n<div class=\"elementor elementor-6070\" data-elementor-type=\"wp-page\" data-elementor-id=\"6070\" data-elementor-settings=\"[]\">\n<div class=\"elementor-section-wrap\">\n<section class=\"has_eae_slider elementor-section elementor-top-section elementor-element elementor-element-e9251c4 elementor-section-boxed elementor-section-height-default elementor-section-height-default\" data-id=\"e9251c4\" data-element_type=\"section\" data-settings=\"{&quot;_ha_eqh_enable&quot;:false}\">\n<div class=\"elementor-container elementor-column-gap-default\">\n<div class=\"has_eae_slider elementor-column elementor-col-100 elementor-top-column elementor-element elementor-element-e080e5d\" data-id=\"e080e5d\" data-element_type=\"column\">\n<div class=\"elementor-widget-wrap elementor-element-populated\">\n<div class=\"elementor-element elementor-element-8266676 elementor-widget elementor-widget-text-editor\" data-id=\"8266676\" data-element_type=\"widget\" data-widget_type=\"text-editor.default\">\n<div class=\"elementor-widget-container\">\n<div id=\"declaration-preview\" class=\"border p-5 mb-5\">\n<p>&nbsp;<\/p>\n<p id=\"a11y-wstep\" style=\"text-align: center;\"><span id=\"a11y-podmiot\" style=\"font-size: 14pt;\">Deklaracja dost\u0119pno\u015bci <\/span><\/p>\n<p style=\"text-align: center;\"><span id=\"a11y-podmiot\" style=\"font-size: 14pt;\">Strona internetowa szko\u0142y<\/span><\/p>\n<p style=\"text-align: justify;\"><span id=\"a11y-podmiot\">\u00a0 \u00a0 \u00a0Zesp\u00f3\u0142 Szkolno-Przedszkolny nr 4 w Nowym S\u0105czu<\/span> zobowi\u0105zuje si\u0119 zapewni\u0107 dost\u0119pno\u015b\u0107 swojej strony internetowej zgodnie z przepisami ustawy z dnia 4\u00a0kwietnia 2019\u00a0r. o\u00a0dost\u0119pno\u015bci cyfrowej stron internetowych i\u00a0aplikacji mobilnych podmiot\u00f3w publicznych. O\u015bwiadczenie w sprawie dost\u0119pno\u015bci ma zastosowanie do strony internetowej <a id=\"a11y-url\" href=\"https:\/\/www.sp1nowysacz.pl\/\">Strona internetowa szko\u0142y<\/a>.<\/p>\n<ul>\n<li>Data publikacji strony internetowej: <time id=\"a11y-data-publikacja\" datetime=\"2021-02-12\">2021-10-18<\/time><\/li>\n<li>Data ostatniej istotnej aktualizacji:\u00a0<time id=\"a11y-data-publikacja\" datetime=\"2021-02-12\">2025-03-20<\/time><\/li>\n<\/ul>\n<p><span style=\"font-size: 14pt;\">Status pod wzgl\u0119dem zgodno\u015bci z ustaw\u0105<\/span><\/p>\n<p>Strona internetowa jest <strong id=\"a11y-status\">zgodna<\/strong> z\u00a0ustaw\u0105 o\u00a0dost\u0119pno\u015bci cyfrowej stron internetowych i\u00a0aplikacji mobilnych podmiot\u00f3w publicznych.<\/p>\n<p><span style=\"font-size: 14pt;\">Wy\u0142\u0105czenia<\/span><\/p>\n<p><span style=\"font-size: 12pt;\">Mog\u0105 zdarzy\u0107 si\u0119 sytuacje, \u017ce pomimo stara\u0144 redaktor\u00f3w serwisu, pewne dokumenty opublikowane na stronie s\u0105 niedost\u0119pne z uwagi na fakt, \u017ce:<\/span><\/p>\n<ul>\n<li><span style=\"font-size: 12pt;\">pochodz\u0105 z r\u00f3\u017cnych \u017ar\u00f3de\u0142,<\/span><\/li>\n<li><span style=\"font-size: 12pt;\">opublikowane zosta\u0142y przed wej\u015bciem w \u017cycie ustawy o dost\u0119pno\u015bci cyfrowej.<\/span><\/li>\n<li><span style=\"font-size: 12pt;\">opublikowane zosta\u0142y w oparciu o zasady przyj\u0119te w innej instytucji,<\/span><\/li>\n<li><span style=\"font-size: 12pt;\">opublikowane zosta\u0142y przed wej\u015bciem w \u017cycie ustawy o dost\u0119pno\u015bci cyfrowej.<\/span><\/li>\n<li><span style=\"font-size: 12pt;\">pliki PDF, DOC itp. &#8211; redaktorzy staraj\u0105 si\u0119 ograniczy\u0107 do minimum korzystanie z takich plik\u00f3w i osadza\u0107 teksty bezpo\u015brednio w serwisie. Odr\u0119bn\u0105 kwesti\u0105 jest poprawne formatowanie plik\u00f3w tak, by by\u0142y one dost\u0119pne (np. powinny posiada\u0107 struktur\u0119 znacznik\u00f3w, czyli tagowanie).<\/span><\/li>\n<li><span style=\"font-size: 12pt;\">serwis zawiera dokumenty PDF, kt\u00f3re powsta\u0142y na podstawie \u017ale przygotowanych dokument\u00f3w Word (nie ma w nich dobrze zaznaczonej logicznej struktury) &#8211; lub s\u0105 skanami dokument\u00f3w. W miar\u0119 mo\u017cliwo\u015bci b\u0119dziemy to poprawia\u0107, oraz dok\u0142ada\u0107 stara\u0144 by nowe dokumenty przygotowywane by\u0142y poprawnie.<\/span><\/li>\n<li><span style=\"font-size: 12pt;\">nieczytelne przez czytniki ekranu dokumenty PDF u\u017cytkownicy mog\u0105 rozpozna\u0107 narz\u0119dziem OCR<\/span><\/li>\n<\/ul>\n<p><span style=\"font-size: 14pt;\">Dost\u0119pna strona<\/span><\/p>\n<p style=\"padding-left: 40px;\"><span style=\"font-size: 12pt;\">\u2022 U\u017cytkownik mo\u017ce: zwi\u0119ksza\u0107 i zmniejsza\u0107 tekst, zmieni\u0107 stron\u0119 w skali szaro\u015bci, uzyska\u0107 wysoki kontrast, kontrast w negatywie, jasne t\u0142o, podkre\u015blenie link\u00f3w, uzyska\u0107 czyteln\u0105 czcionk\u0119 oraz za pomoc\u0105 przycisku reset (od\u015bwie\u017c) przywr\u00f3ci\u0107 stron\u0119 do normalnego wygl\u0105du. <\/span><br \/>\n<span style=\"font-size: 12pt;\">\u2022 U\u017cytkownicy korzystaj\u0105cy wy\u0142\u0105cznie z klawiatury mog\u0105 swobodnie porusza\u0107 si\u0119 po serwisie za pomoc\u0105 klawisza Tab + Enter. <\/span><br \/>\n<span style=\"font-size: 12pt;\">\u2022 Linki &#8211; tak\u017ce te prowadz\u0105ce do serwis\u00f3w zewn\u0119trznych \u2013 w zdecydowanej wi\u0119kszo\u015bci otwieraj\u0105 si\u0119 w tym samym oknie. Dzi\u0119ki temu u\u017cytkownik ma pe\u0142n\u0105 kontrol\u0119 nad swoj\u0105 przegl\u0105dark\u0105. <\/span><br \/>\n<span style=\"font-size: 12pt;\">\u2022 Zadbano o odpowiedni kontrast tekstu do t\u0142a. Dzi\u0119ki temu materia\u0142y osadzone na stronie s\u0105 czytelne tak\u017ce dla os\u00f3b s\u0142abiej widz\u0105cych. <\/span><br \/>\n<span style=\"font-size: 12pt;\">\u2022 Osoby zamieszczaj\u0105ce teksty na stronie dok\u0142adaj\u0105 stara\u0144, aby by\u0142y one zrozumia\u0142e oraz formatowane w spos\u00f3b zgodny z zasadami dost\u0119pno\u015bci.<\/span><\/p>\n<p><span style=\"font-size: 14pt;\">Dost\u0119pno\u015b\u0107 architektoniczna: \u00a0<\/span><\/p>\n<p>Szko\u0142a jest przystosowana dla os\u00f3b niepe\u0142nosprawnych. Budynek posiada podjazd, wind\u0119,\u00a0 toalet\u0119 dostosowan\u0105 na potrzeby os\u00f3b niepe\u0142nosprawnych.<\/p>\n<p><span style=\"font-size: 14pt;\">Przygotowanie deklaracji w sprawie dost\u0119pno\u015bci<\/span><\/p>\n<ul>\n<li>Deklaracj\u0119 sporz\u0105dzono dnia:\u00a0<time id=\"a11y-data-publikacja\" datetime=\"2021-02-12\">2021-10-18<\/time><\/li>\n<li>Deklaracj\u0119 zosta\u0142a ostatnio poddana przegl\u0105dowi i aktualizacji dnia:\u00a0<time id=\"a11y-data-publikacja\" datetime=\"2021-02-12\">2021-10-18<\/time><\/li>\n<\/ul>\n<p>Deklaracj\u0119 sporz\u0105dzono na podstawie samooceny.<\/p>\n<p id=\"a11y-kontakt\"><span style=\"font-size: 14pt;\">Informacje zwrotne i dane kontaktowe<\/span><\/p>\n<ul>\n<li>E-mail:\u00a0sp1@edu.nowysacz.pl<\/li>\n<li>Telefon:\u00a018 444 23 99; 18 442 09 01<\/li>\n<\/ul>\n<p id=\"a11y-procedura\">Ka\u017cdy ma prawo:<\/p>\n<ul>\n<li>zg\u0142osi\u0107 uwagi dotycz\u0105ce dost\u0119pno\u015bci cyfrowej strony lub jej elementu,<\/li>\n<li>zg\u0142osi\u0107 \u017c\u0105danie zapewnienia dost\u0119pno\u015bci cyfrowej strony lub jej elementu,<\/li>\n<li>wnioskowa\u0107 o udost\u0119pnienie niedost\u0119pnej informacji w innej alternatywnej formie.<\/li>\n<\/ul>\n<p>\u017b\u0105danie musi zawiera\u0107:<\/p>\n<ul>\n<li>dane kontaktowe osoby zg\u0142aszaj\u0105cej,<\/li>\n<li>wskazanie strony lub elementu strony, kt\u00f3rej dotyczy \u017c\u0105danie,<\/li>\n<li>wskazanie dogodnej formy udost\u0119pnienia informacji, je\u015bli \u017c\u0105danie dotyczy udost\u0119pnienia w formie alternatywnej informacji niedost\u0119pnej.<\/li>\n<\/ul>\n<p>Rozpatrzenie zg\u0142oszenia powinno nast\u0105pi\u0107 niezw\u0142ocznie, najp\u00f3\u017aniej w ci\u0105gu 7 dni. Je\u015bli w tym terminie zapewnienie dost\u0119pno\u015bci albo zapewnienie dost\u0119pu w alternatywnej formie nie jest mo\u017cliwe, powinno nast\u0105pi\u0107 najdalej w ci\u0105gu 2 miesi\u0119cy od daty zg\u0142oszenia.<\/p>\n<p><span style=\"font-size: 14pt;\">Skargi i odwo\u0142ania<\/span><\/p>\n<p>Na niedotrzymanie tych termin\u00f3w oraz na odmow\u0119 realizacji \u017c\u0105dania mo\u017cna z\u0142o\u017cy\u0107 skarg\u0119 do organu nadzoruj\u0105cego poczt\u0105 lub drog\u0105 elektroniczn\u0105 na adres:<\/p>\n<ul>\n<li>Organ nadzoruj\u0105cy: Biuro Rzecznika Praw Obywatelskich<\/li>\n<li>Adres: aleja \u201cSolidarno\u015bci\u201d 77<br \/>\n00-090 Warszawa<\/li>\n<li>E-mail: biurorzecznika@brpo.gov.pl<\/li>\n<li>Telefon: 22 551 77 00<\/li>\n<\/ul>\n<p>Skarg\u0119 mo\u017cna z\u0142o\u017cy\u0107 r\u00f3wnie\u017c do <a class=\"broken_link\" href=\"https:\/\/bip.brpo.gov.pl\/index.php\/pl\/content\/jak-mozna-zwrocic-sie-do-rpo\">Rzecznika Praw Obywatelskich<\/a>.<\/p>\n<\/div>\n<\/div>\n<\/div>\n<\/div>\n<\/div>\n<\/div>\n<\/section>\n<\/div>\n<\/div>\n<div class=\"clear\"><\/div>\n<\/div>\n<\/div>\n<div class=\"clear\"><\/div>\n<\/div>\n<div class=\"clear\"><\/div>\n<\/div>\n<div class=\"clear\"><\/div>\n<\/div>\n<div class=\"swm-main-container\">\n<footer id=\"footer\" class=\"footer swm-css-transition\">\n<div class=\"swm-container\">\n<div class=\"swm-small-footer\">\n<div>Copyright 2021 Zesp\u00f3\u0142 Szkolno-Przedszkolny nr.4 w Nowym S\u0105czu, All rights reserved.<\/div>\n<\/div>\n<\/div>\n<\/footer>\n<\/div>\n<div class=\"gsp_post_data\" data-post_type=\"page\" data-cat=\"\" data-modified=\"120\" data-title=\"Deklaracja dost\u0119pno\u015bci\" data-home=\"https:\/\/www.sp1nowysacz.pl\"><\/div>","protected":false},"excerpt":{"rendered":"<p>&nbsp; Deklaracja dost\u0119pno\u015bci Strona internetowa szko\u0142y \u00a0 \u00a0 \u00a0Zesp\u00f3\u0142 Szkolno-Przedszkolny nr 4 w Nowym S\u0105czu zobowi\u0105zuje si\u0119 zapewni\u0107 dost\u0119pno\u015b\u0107 swojej strony internetowej zgodnie z przepisami ustawy z dnia 4\u00a0kwietnia 2019\u00a0r. o\u00a0dost\u0119pno\u015bci cyfrowej stron internetowych i\u00a0aplikacji mobilnych podmiot\u00f3w publicznych. O\u015bwiadczenie w sprawie dost\u0119pno\u015bci ma zastosowanie do strony internetowej Strona internetowa szko\u0142y. Data publikacji strony internetowej: 2021-10-18 Data ostatniej istotnej aktualizacji:\u00a02025-03-20 Status<\/p>\n","protected":false},"author":3,"featured_media":0,"parent":0,"menu_order":0,"comment_status":"closed","ping_status":"closed","template":"","meta":{"footnotes":""},"class_list":["post-16828","page","type-page","status-publish","hentry"],"yoast_head":"<!-- This site is optimized with the Yoast SEO plugin v27.0 - https:\/\/yoast.com\/product\/yoast-seo-wordpress\/ -->\n<title>Deklaracja dost\u0119pno\u015bci &#8226; Szko\u0142a Podstawowa nr 1 w Nowym S\u0105czu<\/title>\n<meta name=\"robots\" content=\"index, follow, max-snippet:-1, max-image-preview:large, max-video-preview:-1\" \/>\n<link rel=\"canonical\" href=\"https:\/\/www.sp1nowysacz.pl\/index.php\/deklaracja-dostepnosci-strona-internetowa-szkoly\/\" \/>\n<meta property=\"og:locale\" content=\"pl_PL\" \/>\n<meta property=\"og:type\" content=\"article\" \/>\n<meta property=\"og:title\" content=\"Deklaracja dost\u0119pno\u015bci &#8226; Szko\u0142a Podstawowa nr 1 w Nowym S\u0105czu\" \/>\n<meta property=\"og:description\" content=\"&nbsp; Deklaracja dost\u0119pno\u015bci Strona internetowa szko\u0142y \u00a0 \u00a0 \u00a0Zesp\u00f3\u0142 Szkolno-Przedszkolny nr 4 w Nowym S\u0105czu zobowi\u0105zuje si\u0119 zapewni\u0107 dost\u0119pno\u015b\u0107 swojej strony internetowej zgodnie z przepisami ustawy z dnia 4\u00a0kwietnia 2019\u00a0r. o\u00a0dost\u0119pno\u015bci cyfrowej stron internetowych i\u00a0aplikacji mobilnych podmiot\u00f3w publicznych. O\u015bwiadczenie w sprawie dost\u0119pno\u015bci ma zastosowanie do strony internetowej Strona internetowa szko\u0142y. Data publikacji strony internetowej: 2021-10-18 Data ostatniej istotnej aktualizacji:\u00a02025-03-20 Status\" \/>\n<meta property=\"og:url\" content=\"https:\/\/www.sp1nowysacz.pl\/index.php\/deklaracja-dostepnosci-strona-internetowa-szkoly\/\" \/>\n<meta property=\"og:site_name\" content=\"Szko\u0142a Podstawowa nr 1 w Nowym S\u0105czu\" \/>\n<meta property=\"article:publisher\" content=\"https:\/\/pl-pl.facebook.com\/sp1nowysacz\/\" \/>\n<meta property=\"article:modified_time\" content=\"2025-03-20T13:16:22+00:00\" \/>\n<meta name=\"twitter:card\" content=\"summary_large_image\" \/>\n<meta name=\"twitter:label1\" content=\"Szacowany czas czytania\" \/>\n\t<meta name=\"twitter:data1\" content=\"4 minuty\" \/>\n<script type=\"application\/ld+json\" class=\"yoast-schema-graph\">{\"@context\":\"https:\/\/schema.org\",\"@graph\":[{\"@type\":\"WebPage\",\"@id\":\"https:\/\/www.sp1nowysacz.pl\/index.php\/deklaracja-dostepnosci-strona-internetowa-szkoly\/\",\"url\":\"https:\/\/www.sp1nowysacz.pl\/index.php\/deklaracja-dostepnosci-strona-internetowa-szkoly\/\",\"name\":\"Deklaracja dost\u0119pno\u015bci &#8226; Szko\u0142a Podstawowa nr 1 w Nowym S\u0105czu\",\"isPartOf\":{\"@id\":\"https:\/\/www.sp1nowysacz.pl\/#website\"},\"datePublished\":\"2021-10-18T08:38:55+00:00\",\"dateModified\":\"2025-03-20T13:16:22+00:00\",\"breadcrumb\":{\"@id\":\"https:\/\/www.sp1nowysacz.pl\/index.php\/deklaracja-dostepnosci-strona-internetowa-szkoly\/#breadcrumb\"},\"inLanguage\":\"pl-PL\",\"potentialAction\":[{\"@type\":\"ReadAction\",\"target\":[\"https:\/\/www.sp1nowysacz.pl\/index.php\/deklaracja-dostepnosci-strona-internetowa-szkoly\/\"]}]},{\"@type\":\"BreadcrumbList\",\"@id\":\"https:\/\/www.sp1nowysacz.pl\/index.php\/deklaracja-dostepnosci-strona-internetowa-szkoly\/#breadcrumb\",\"itemListElement\":[{\"@type\":\"ListItem\",\"position\":1,\"name\":\"Strona g\u0142\u00f3wna\",\"item\":\"https:\/\/www.sp1nowysacz.pl\/\"},{\"@type\":\"ListItem\",\"position\":2,\"name\":\"Deklaracja dost\u0119pno\u015bci\"}]},{\"@type\":\"WebSite\",\"@id\":\"https:\/\/www.sp1nowysacz.pl\/#website\",\"url\":\"https:\/\/www.sp1nowysacz.pl\/\",\"name\":\"Szko\u0142a Podstawowa nr 1 w Nowym S\u0105czu\",\"description\":\"sp1 Nowy S\u0105cz\",\"publisher\":{\"@id\":\"https:\/\/www.sp1nowysacz.pl\/#organization\"},\"potentialAction\":[{\"@type\":\"SearchAction\",\"target\":{\"@type\":\"EntryPoint\",\"urlTemplate\":\"https:\/\/www.sp1nowysacz.pl\/?s={search_term_string}\"},\"query-input\":{\"@type\":\"PropertyValueSpecification\",\"valueRequired\":true,\"valueName\":\"search_term_string\"}}],\"inLanguage\":\"pl-PL\"},{\"@type\":\"Organization\",\"@id\":\"https:\/\/www.sp1nowysacz.pl\/#organization\",\"name\":\"Zesp\u00f3\u0142 Szkolno-Przedszkolny nr 4 w Nowym S\u0105czu,Szko\u0142a Podstawowa nr 1 w Nowym S\u0105czu\",\"url\":\"https:\/\/www.sp1nowysacz.pl\/\",\"logo\":{\"@type\":\"ImageObject\",\"inLanguage\":\"pl-PL\",\"@id\":\"https:\/\/www.sp1nowysacz.pl\/#\/schema\/logo\/image\/\",\"url\":\"https:\/\/www.sp1nowysacz.pl\/wp-content\/uploads\/2021\/09\/cropped-szyld-Recovered-1-scaled-1.jpg\",\"contentUrl\":\"https:\/\/www.sp1nowysacz.pl\/wp-content\/uploads\/2021\/09\/cropped-szyld-Recovered-1-scaled-1.jpg\",\"width\":1600,\"height\":266,\"caption\":\"Zesp\u00f3\u0142 Szkolno-Przedszkolny nr 4 w Nowym S\u0105czu,Szko\u0142a Podstawowa nr 1 w Nowym S\u0105czu\"},\"image\":{\"@id\":\"https:\/\/www.sp1nowysacz.pl\/#\/schema\/logo\/image\/\"},\"sameAs\":[\"https:\/\/pl-pl.facebook.com\/sp1nowysacz\/\"]}]}<\/script>\n<!-- \/ Yoast SEO plugin. -->","yoast_head_json":{"title":"Deklaracja dost\u0119pno\u015bci &#8226; Szko\u0142a Podstawowa nr 1 w Nowym S\u0105czu","robots":{"index":"index","follow":"follow","max-snippet":"max-snippet:-1","max-image-preview":"max-image-preview:large","max-video-preview":"max-video-preview:-1"},"canonical":"https:\/\/www.sp1nowysacz.pl\/index.php\/deklaracja-dostepnosci-strona-internetowa-szkoly\/","og_locale":"pl_PL","og_type":"article","og_title":"Deklaracja dost\u0119pno\u015bci &#8226; Szko\u0142a Podstawowa nr 1 w Nowym S\u0105czu","og_description":"&nbsp; Deklaracja dost\u0119pno\u015bci Strona internetowa szko\u0142y \u00a0 \u00a0 \u00a0Zesp\u00f3\u0142 Szkolno-Przedszkolny nr 4 w Nowym S\u0105czu zobowi\u0105zuje si\u0119 zapewni\u0107 dost\u0119pno\u015b\u0107 swojej strony internetowej zgodnie z przepisami ustawy z dnia 4\u00a0kwietnia 2019\u00a0r. o\u00a0dost\u0119pno\u015bci cyfrowej stron internetowych i\u00a0aplikacji mobilnych podmiot\u00f3w publicznych. O\u015bwiadczenie w sprawie dost\u0119pno\u015bci ma zastosowanie do strony internetowej Strona internetowa szko\u0142y. Data publikacji strony internetowej: 2021-10-18 Data ostatniej istotnej aktualizacji:\u00a02025-03-20 Status","og_url":"https:\/\/www.sp1nowysacz.pl\/index.php\/deklaracja-dostepnosci-strona-internetowa-szkoly\/","og_site_name":"Szko\u0142a Podstawowa nr 1 w Nowym S\u0105czu","article_publisher":"https:\/\/pl-pl.facebook.com\/sp1nowysacz\/","article_modified_time":"2025-03-20T13:16:22+00:00","twitter_card":"summary_large_image","twitter_misc":{"Szacowany czas czytania":"4 minuty"},"schema":{"@context":"https:\/\/schema.org","@graph":[{"@type":"WebPage","@id":"https:\/\/www.sp1nowysacz.pl\/index.php\/deklaracja-dostepnosci-strona-internetowa-szkoly\/","url":"https:\/\/www.sp1nowysacz.pl\/index.php\/deklaracja-dostepnosci-strona-internetowa-szkoly\/","name":"Deklaracja dost\u0119pno\u015bci &#8226; Szko\u0142a Podstawowa nr 1 w Nowym S\u0105czu","isPartOf":{"@id":"https:\/\/www.sp1nowysacz.pl\/#website"},"datePublished":"2021-10-18T08:38:55+00:00","dateModified":"2025-03-20T13:16:22+00:00","breadcrumb":{"@id":"https:\/\/www.sp1nowysacz.pl\/index.php\/deklaracja-dostepnosci-strona-internetowa-szkoly\/#breadcrumb"},"inLanguage":"pl-PL","potentialAction":[{"@type":"ReadAction","target":["https:\/\/www.sp1nowysacz.pl\/index.php\/deklaracja-dostepnosci-strona-internetowa-szkoly\/"]}]},{"@type":"BreadcrumbList","@id":"https:\/\/www.sp1nowysacz.pl\/index.php\/deklaracja-dostepnosci-strona-internetowa-szkoly\/#breadcrumb","itemListElement":[{"@type":"ListItem","position":1,"name":"Strona g\u0142\u00f3wna","item":"https:\/\/www.sp1nowysacz.pl\/"},{"@type":"ListItem","position":2,"name":"Deklaracja dost\u0119pno\u015bci"}]},{"@type":"WebSite","@id":"https:\/\/www.sp1nowysacz.pl\/#website","url":"https:\/\/www.sp1nowysacz.pl\/","name":"Szko\u0142a Podstawowa nr 1 w Nowym S\u0105czu","description":"sp1 Nowy S\u0105cz","publisher":{"@id":"https:\/\/www.sp1nowysacz.pl\/#organization"},"potentialAction":[{"@type":"SearchAction","target":{"@type":"EntryPoint","urlTemplate":"https:\/\/www.sp1nowysacz.pl\/?s={search_term_string}"},"query-input":{"@type":"PropertyValueSpecification","valueRequired":true,"valueName":"search_term_string"}}],"inLanguage":"pl-PL"},{"@type":"Organization","@id":"https:\/\/www.sp1nowysacz.pl\/#organization","name":"Zesp\u00f3\u0142 Szkolno-Przedszkolny nr 4 w Nowym S\u0105czu,Szko\u0142a Podstawowa nr 1 w Nowym S\u0105czu","url":"https:\/\/www.sp1nowysacz.pl\/","logo":{"@type":"ImageObject","inLanguage":"pl-PL","@id":"https:\/\/www.sp1nowysacz.pl\/#\/schema\/logo\/image\/","url":"https:\/\/www.sp1nowysacz.pl\/wp-content\/uploads\/2021\/09\/cropped-szyld-Recovered-1-scaled-1.jpg","contentUrl":"https:\/\/www.sp1nowysacz.pl\/wp-content\/uploads\/2021\/09\/cropped-szyld-Recovered-1-scaled-1.jpg","width":1600,"height":266,"caption":"Zesp\u00f3\u0142 Szkolno-Przedszkolny nr 4 w Nowym S\u0105czu,Szko\u0142a Podstawowa nr 1 w Nowym S\u0105czu"},"image":{"@id":"https:\/\/www.sp1nowysacz.pl\/#\/schema\/logo\/image\/"},"sameAs":["https:\/\/pl-pl.facebook.com\/sp1nowysacz\/"]}]}},"_links":{"self":[{"href":"https:\/\/www.sp1nowysacz.pl\/index.php\/wp-json\/wp\/v2\/pages\/16828","targetHints":{"allow":["GET"]}}],"collection":[{"href":"https:\/\/www.sp1nowysacz.pl\/index.php\/wp-json\/wp\/v2\/pages"}],"about":[{"href":"https:\/\/www.sp1nowysacz.pl\/index.php\/wp-json\/wp\/v2\/types\/page"}],"author":[{"embeddable":true,"href":"https:\/\/www.sp1nowysacz.pl\/index.php\/wp-json\/wp\/v2\/users\/3"}],"replies":[{"embeddable":true,"href":"https:\/\/www.sp1nowysacz.pl\/index.php\/wp-json\/wp\/v2\/comments?post=16828"}],"version-history":[{"count":0,"href":"https:\/\/www.sp1nowysacz.pl\/index.php\/wp-json\/wp\/v2\/pages\/16828\/revisions"}],"wp:attachment":[{"href":"https:\/\/www.sp1nowysacz.pl\/index.php\/wp-json\/wp\/v2\/media?parent=16828"}],"curies":[{"name":"wp","href":"https:\/\/api.w.org\/{rel}","templated":true}]}}